{"id":9069,"date":"2018-06-19T19:10:53","date_gmt":"2018-06-19T18:10:53","guid":{"rendered":"http:\/\/www.sola-poljane.si\/cs\/?page_id=9069"},"modified":"2025-09-08T06:46:15","modified_gmt":"2025-09-08T04:46:15","slug":"projekt-unesco","status":"publish","type":"page","link":"https:\/\/sola-poljane.splet.arnes.si\/?page_id=9069","title":{"rendered":"Projekt UNESCO"},"content":{"rendered":"<h4>SPLO\u0160NO<\/h4>\n<p>Mednarodna organizacija UNESCO je po drugi svetovni vojni organizirala gibanje za na\u010drtno vplivanje na mlade ljudi, da bi v njihovih glavah in srcih krepili znanje in pripravljenost za medsebojno sprejemanje in prijateljsko povezovanje. Unesco je spodbudil organizirano povezovanje med \u0161olami, njihovi programi, u\u010denci in u\u010ditelji.<\/p>\n<p>Zveza UNESCO ASPnet (UNESCO Associated Schools Project Network) je nastala z namenom, da bi se \u0161ole med seboj povezovale in skupaj uresni\u010devale temeljni UNESCO ASPnet cilj: da bomo zdru\u017eeni s skupnimi mo\u010dmi uveljavljali kulturo miru in nenasilja, da bomo skrbeli za na\u0161o kulturno in naravno dedi\u0161\u010dino, da se bomo vsako leto spomnili mednarodnih dni in let, dolo\u010denih s strani UNESCA, predvsem pa se nau\u010dili skrbeti za ohranitev&nbsp; na\u0161ega skupnega doma \u2013 planeta Zemlje.<\/p>\n<p>V Sloveniji je bila prva \u0161ola vklju\u010dena v mre\u017eo Unesco \u0161ole ASP net leta 1992.<\/p>\n<h4>O\u0160 POLJANE<\/h4>\n<p>Na\u0161a \u0161ola se je projektu pridru\u017eila v \u0161olskem letu 2007\/2008 kot pridru\u017eena \u010dlanica s sredi\u0161\u010dem v Mojstrani.<\/p>\n<p>V \u0161olskem letu 2011\/2012 je na\u0161a \u0161ola izpolnjevala vse pogoje in pridobila NACIONALNI STATUS UNESCO \u0160OLE.<br \/>\nListino je prejela 7. 12. 2012 na 14. sre\u010danju Unesco \u0161ol. Ve\u010d o tem <a href=\"https:\/\/sola-poljane.splet.arnes.si\/?p=2242\"><strong>pomembnem dogodku na<\/strong> tej povezavi.<\/a><\/p>\n<p>V okviru programa Unesca na na\u0161i \u0161oli organiziramo razli\u010dne dejavnosti, ki so smiselno razporejene \u010dez vse leto. Vklju\u010dujemo se v projekte, razpisane v okviru mre\u017ee, ter se vsako leto spomnimo tudi mednarodnih dni in let, dolo\u010denih s strani Unesca. Vse informacije o Unescu, nacionalnih projektih ter \u010dlanih so dostopne na <a href=\"http:\/\/www.aspnet.si\/\">tej povezavi.<\/a><\/p>\n<p><strong>Cilji projekta in glavne naloge:<\/strong><\/p>\n<p>O\u0160 Poljane se trudi v vse svoje projekte vklju\u010diti \u0161tiri Delorsova na\u010dela, ki zavezujejo vse \u010dlanice mre\u017ee Unesco \u0161ol:<\/p>\n<ul>\n<li>U\u010diti se, da bi vedeli.<\/li>\n<li>U\u010diti se, da bi znali delati.<\/li>\n<li>U\u010diti se, da bi znali \u017eiveti skupaj.<\/li>\n<li>U\u010diti se biti.<\/li>\n<\/ul>\n<p>UNESCO ASP net ima tudi konkretne projekte in naloge:<\/p>\n<ul>\n<li>obele\u017eevanje mednarodnih spominskih dni, let in desetletij,<\/li>\n<li>vzgoja za mir, strpnost in nenasilje,<\/li>\n<li>skrb za zdravo in prijazno okolje,<\/li>\n<li>skrb za kulturno dedi\u0161\u010dino,<\/li>\n<li>medsebojno povezovanje in hkratno ohranjanje lastne identitete.<\/li>\n<\/ul>\n<p>\u0160olska koordinatorica: <strong>Damjana Bon\u010da<br \/>\n<\/strong><\/p>\n<p>Kontakt: damjana.bonca(at)sola-poljane.si<\/p>\n<p>&nbsp;<\/p>\n<h3><strong>Letni delovni na\u010drt za projekt Unesco v \u0161olskem letu 2025\/2026<\/strong><\/h3>\n<p>Osnovna \u0161ola Poljane je \u010dlanica slovenske mre\u017ee Unesco \u0161ol ASPnet \u017ee od \u0161olskega leta 2011\/2012 znotraj sredi\u0161\u010da za Gorenjsko s sede\u017eem v Mojstrani. V okviru programa na na\u0161i \u0161oli organiziramo razli\u010dne dejavnosti, ki so smiselno razporejene \u010dez vse leto. Vklju\u010dujemo se v projekte mre\u017ee, se odzivamo na razpise in nate\u010daje ter vsako leto obele\u017eujemo pomembne mednarodne dneve. Na \u0161olski ravni se trudimo v vse svoje projekte vklju\u010diti \u0161tiri Delorsova na\u010dela, ki zavezujejo vse \u010dlanice mre\u017ee Unesco \u0161ol.<\/p>\n<p>Prioritetna tematska podro\u010dja ASPnet se skladajo s cilji trajnostnega razvoja \u0161e posebej ciljem to\u010dke 4.7 \u010detrtega cilja trajnostnega razvoja \u2013 Izobra\u017eevanje 2030 (SDG 4 \u2013 Education 2030):<\/p>\n<ul>\n<li>pripadnost globalni skupnosti in kultura miru ter nenasilja,<\/li>\n<li>trajnostni razvoj in trajnostni \u017eivljenjski slog,<\/li>\n<li>medkulturno u\u010denje in spo\u0161tovanje kulturne raznolikosti in dedi\u0161\u010dine.<\/li>\n<\/ul>\n<p>Tem smernicam sledimo tudi pri oblikovanju letnega na\u010drta dejavnosti Unesca na \u0161oli, pri \u010demer so glavni cilji:<\/p>\n<ul>\n<li>obele\u017eevanje mednarodnih spominskih dni, let in desetletij,<\/li>\n<li>vzgoja za mir, strpnost in nenasilje,<\/li>\n<li>skrb za zdravo in prijazno okolje,<\/li>\n<li>skrb za kulturno dedi\u0161\u010dino,<\/li>\n<li>medsebojno povezovanje in hkratno ohranjanje lastne identitete.<\/li>\n<\/ul>\n<p>\u0160ola skladno s pravili mre\u017ee uporablja logotip Unesco \u0161ole in je opremljena tudi z enotno tablo, ki je pritrjena na vidnem mestu in na kateri je uradni logo ASPnet.<\/p>\n<p>Glede na pogoje za ohranitev \u010dlanstva v ASP mre\u017ei Unesco \u0161ol v \u0161olskem letu 2025\/2026 na\u010drtujemo razli\u010dne dejavnosti, ki bodo podrobneje objavljene na \u0161olski spletni strani pod zavihkom Unesco.<\/p>\n<table border=\"1\" width=\"100%\" cellspacing=\"0\" cellpadding=\"10\">\n<tbody>\n<tr>\n<td width=\"27%\"><strong>DEJAVNOST<\/strong><\/td>\n<td width=\"17%\"><strong>KRAJ IZVEDBE<\/strong><\/td>\n<td width=\"27%\"><strong>\u010cAS IZVEDBE<\/strong><\/td>\n<td width=\"27%\"><strong>VODJA\/SODELUJO\u010cI<\/strong><\/td>\n<\/tr>\n<tr>\n<td width=\"27%\">Oddaja letnega delovnega na\u010drta in opis predvidenih dejavnosti<\/td>\n<td width=\"17%\">&nbsp;<\/td>\n<td width=\"27%\">september 2025<\/td>\n<td width=\"27%\">\u0161olska koordinatorica<\/td>\n<\/tr>\n<tr>\n<td width=\"27%\">Predstavitev ASPnet in dejavnosti v sklopu mre\u017ee na \u0161olski spletni strani<\/td>\n<td width=\"17%\">&nbsp;<\/td>\n<td width=\"27%\">vse leto<\/td>\n<td width=\"27%\">\u0161olska koordinatorica<\/td>\n<\/tr>\n<tr>\n<td width=\"27%\">Obve\u0161\u010danje \u0161olske in lokalne skupnosti o \u010dlanstvu v ASPnet<\/td>\n<td width=\"17%\">&nbsp;<\/td>\n<td width=\"27%\">vse leto<\/td>\n<td width=\"27%\">posamezni u\u010denci, \u0161olska koordinatorica<\/td>\n<\/tr>\n<tr>\n<td width=\"27%\">Sodelovanje v krovnem projektu <strong>Otro\u0161tvo podaja roko mladosti<\/strong><\/td>\n<td width=\"17%\">O\u0160 Poljane<\/td>\n<td width=\"27%\">vse leto<\/td>\n<td width=\"27%\">\u0161olska koordinatorica in posamezni u\u010ditelji in u\u010denci<\/td>\n<\/tr>\n<tr>\n<td width=\"27%\">Sodelovanje v dodatnih projektih v okviru Unesca<\/td>\n<td width=\"17%\">O\u0160 Poljane<\/td>\n<td width=\"27%\">vse leto<\/td>\n<td width=\"27%\">posamezni u\u010ditelji in u\u010denci, otroci &nbsp;in vzgojiteljice iz pridru\u017eenega vrtca<\/td>\n<\/tr>\n<tr>\n<td width=\"27%\">Sodelovanje v ostalih projektih v okviru Unesca<\/td>\n<td width=\"17%\">O\u0160 Poljane<\/td>\n<td width=\"27%\">vse leto<\/td>\n<td width=\"27%\">posamezni u\u010ditelji in u\u010denci, otroci in vzgojiteljice iz pridru\u017eenega vrtca<\/td>\n<\/tr>\n<tr>\n<td width=\"27%\">Obele\u017eevanje svetovnih in mednarodnih dni s seznama Unesca<\/td>\n<td width=\"17%\">O\u0160 Poljane<\/td>\n<td width=\"27%\">vse leto<\/td>\n<td width=\"27%\">posamezni u\u010ditelji in u\u010denci&nbsp;<\/td>\n<\/tr>\n<tr>\n<td width=\"27%\">Letno strokovno sre\u010danje mre\u017ee UNESCU pridru\u017eenih \u0161ol Slovenije<\/td>\n<td width=\"17%\">Maribor<\/td>\n<td width=\"27%\">17. &nbsp;in 18. oktober 2025<\/td>\n<td width=\"27%\">\u0161olska koordinatorica ali namestnica \u0161olske koordinatorice<\/td>\n<\/tr>\n<tr>\n<td width=\"27%\">sre\u010danje gorenjskih Unesco \u0161ol<\/td>\n<td width=\"17%\">O\u0160 Poljane nad \u0160kofjo Loko<\/td>\n<td width=\"27%\">april 2026<\/td>\n<td width=\"27%\">\u0161olska koordinatorica,<\/p>\n<p>u\u010denci, \u0161olska skupnost<\/td>\n<\/tr>\n<tr>\n<td width=\"27%\">oddaja letnega poro\u010dila o delu \u0161ole<\/td>\n<td width=\"17%\">&nbsp;<\/td>\n<td width=\"27%\">junij 2026<\/td>\n<td width=\"27%\">\u0161olska koordinatorica<\/td>\n<\/tr>\n<\/tbody>\n<\/table>\n<p>Damjana Bon\u010da, \u0161olska Unesco koordinatorica in Polona Zupan, namestnica \u0161olske Unesco koordinatorice<\/p>\n<span class=\"wpz-sc-ilink\"><a class=\"note\" href=\"https:\/\/sola-poljane.splet.arnes.si\/?cat=61\" >Povezava na arhiv objav Unesco <\/a><\/span>\n<h3 class=\"post-title entry-title\">&nbsp;<\/h3>\n<div class=\"post-body entry-content\">&nbsp;<\/div>\n<div class=\"post-body entry-content\">&nbsp;<\/div>\n","protected":false},"excerpt":{"rendered":"<p>SPLO\u0160NO Mednarodna organizacija UNESCO je po drugi svetovni vojni organizirala [&hellip;]<\/p>\n","protected":false},"author":24583,"featured_media":0,"parent":8596,"menu_order":2,"comment_status":"closed","ping_status":"closed","template":"template-noright.php","meta":{"ngg_post_thumbnail":0,"footnotes":""},"class_list":["post-9069","page","type-page","status-publish","hentry"],"_links":{"self":[{"href":"https:\/\/sola-poljane.splet.arnes.si\/index.php?rest_route=\/wp\/v2\/pages\/9069","targetHints":{"allow":["GET"]}}],"collection":[{"href":"https:\/\/sola-poljane.splet.arnes.si\/index.php?rest_route=\/wp\/v2\/pages"}],"about":[{"href":"https:\/\/sola-poljane.splet.arnes.si\/index.php?rest_route=\/wp\/v2\/types\/page"}],"author":[{"embeddable":true,"href":"https:\/\/sola-poljane.splet.arnes.si\/index.php?rest_route=\/wp\/v2\/users\/24583"}],"replies":[{"embeddable":true,"href":"https:\/\/sola-poljane.splet.arnes.si\/index.php?rest_route=%2Fwp%2Fv2%2Fcomments&post=9069"}],"version-history":[{"count":16,"href":"https:\/\/sola-poljane.splet.arnes.si\/index.php?rest_route=\/wp\/v2\/pages\/9069\/revisions"}],"predecessor-version":[{"id":48953,"href":"https:\/\/sola-poljane.splet.arnes.si\/index.php?rest_route=\/wp\/v2\/pages\/9069\/revisions\/48953"}],"up":[{"embeddable":true,"href":"https:\/\/sola-poljane.splet.arnes.si\/index.php?rest_route=\/wp\/v2\/pages\/8596"}],"wp:attachment":[{"href":"https:\/\/sola-poljane.splet.arnes.si\/index.php?rest_route=%2Fwp%2Fv2%2Fmedia&parent=9069"}],"curies":[{"name":"wp","href":"https:\/\/api.w.org\/{rel}","templated":true}]}}