{"id":48601,"date":"2025-07-01T10:49:29","date_gmt":"2025-07-01T08:49:29","guid":{"rendered":"https:\/\/sola-poljane.splet.arnes.si\/?page_id=48601"},"modified":"2025-07-01T10:56:26","modified_gmt":"2025-07-01T08:56:26","slug":"zdrava-sola-2024-25","status":"publish","type":"page","link":"https:\/\/sola-poljane.splet.arnes.si\/?page_id=48601","title":{"rendered":"Zdrava \u0161ola 2024\/25"},"content":{"rendered":"<p><strong>Danes je \u017ee vsaka tretja \u017elica hrane odvisna od opra\u0161evanja,&nbsp;\u010debelji pridelki pa so bogat vir nujno potrebnih hranil.<\/strong><\/p>\n<p>&nbsp;<\/p>\n<p><a href=\"https:\/\/sola-poljane.splet.arnes.si\/files\/2025\/05\/Slika.png\"><img loading=\"lazy\" decoding=\"async\" class=\"size-full wp-image-46942 aligncenter\" src=\"https:\/\/sola-poljane.splet.arnes.si\/files\/2025\/05\/Slika.png\" alt=\"\" width=\"386\" height=\"343\" srcset=\"https:\/\/sola-poljane.splet.arnes.si\/files\/2025\/05\/Slika.png 386w, https:\/\/sola-poljane.splet.arnes.si\/files\/2025\/05\/Slika-300x267.png 300w, https:\/\/sola-poljane.splet.arnes.si\/files\/2025\/05\/Slika-62x55.png 62w\" sizes=\"auto, (max-width: 386px) 100vw, 386px\" \/><\/a><\/p>\n<p>&nbsp;<\/p>\n<p style=\"text-align: justify\">\u010cebele so eden od pomembnih opra\u0161evalcev, ki zagotavljajo hrano in prehransko varnost, trajnostno kmetijstvo, biotsko raznovrstnost ter pomembno prispevajo k bla\u017eitvi podnebnih sprememb in ohranjanju okolja. Za\u0161\u010dita \u010debel in \u010debelarskega sektorja tako dolgoro\u010dno prispeva k zmanj\u0161evanju rev\u0161\u010dine, lakote in ohranjanju zdravega okolja ter biotske raznovrstnosti.&nbsp;<\/p>\n<p style=\"text-align: justify\">\u010cebele so pomembne tudi z vidika trajnostnega kmetijstva in ustvarjanja delovnih mest na pode\u017eelju. Z&nbsp;opra\u0161evanjem namre\u010d pove\u010dujejo kmetijsko pridelavo, s \u010dimer ohranjajo pestrost in raznolikost na na\u0161ih njivah in kro\u017enikih. Poleg tega milijonom&nbsp;ljudi zagotavljajo delovna mesta in so pomemben vir prihodkov za kmete.<\/p>\n<p style=\"text-align: justify\">Kljub vsemu znanstvene \u0161tudije dokazujejo, da se pojavlja vse ve\u010d negativnih vplivov na zdravje \u010debel, zaradi \u010desar so te vedno bolj ogro\u017eene. To pa od nas&nbsp;zahteva dodatno skrb za njihovo pre\u017eivetje. \u0160kodljivi dejavniki povzro\u010dajo padec odpornosti \u010debel, kar vpliva na njihovo dovzetnost za bolezni, \u0161kodljivce in podobno.&nbsp;To je poleg na\u0161tetega problemati\u010dno tudi z vidika za\u0161\u010dite in ohranjanja okolja, saj \u010debele skrbijo za biotsko raznovrstnost v naravi in pozitivno vplivajo na celoten ekosistem ter so dober pokazatelj stanja okolja. Zato je Slovenija&nbsp;\u017ee leta 2011 med prvimi dr\u017eavami&nbsp;EU na svojem celotnem ozemlju prepovedala uporabo nekaterih \u010debelam najbolj \u0161kodljivih pesticidov.<\/p>\n<p style=\"text-align: justify\">Ministrstvo za kmetijstvo, gozdarstvo in prehrano je pripravilo <span style=\"color: #ff6600\"><strong>kratek video<\/strong><\/span>, ki si ga lahko ogledate na spodnji povezavi:<\/p>\n<p style=\"text-align: justify\"><a href=\"https:\/\/www.youtube.com\/watch?v=BQUuGe1l-Gs\">https:\/\/www.youtube.com\/watch?v=BQUuGe1l-Gs<\/a><\/p>\n<p style=\"text-align: justify\">&nbsp;<\/p>\n<p style=\"text-align: justify\">Povzeto po:<\/p>\n<ul style=\"text-align: justify\">\n<li><a href=\"https:\/\/www.gov.si\/zbirke\/projekti-in-programi\/svetovni-dan-cebel\/\">https:\/\/www.gov.si\/zbirke\/projekti-in-programi\/svetovni-dan-cebel\/<\/a>, 20. 5. 2025<\/li>\n<li><a href=\"https:\/\/skupnost.sio.si\/mod\/url\/view.php?id=346222\">https:\/\/skupnost.sio.si\/mod\/url\/view.php?id=346222<\/a>, 20. 5. 2025<\/li>\n<\/ul>\n<p style=\"text-align: justify\">&nbsp;<\/p>\n<p style=\"text-align: justify\"><em><strong>Irena Tehovnik<\/strong><\/em><\/p>\n<p>&nbsp;<\/p>\n<p>&nbsp;<\/p>\n<hr>\n<p><a href=\"https:\/\/sola-poljane.splet.arnes.si\/files\/2025\/04\/Slika1.jpg\"><img loading=\"lazy\" decoding=\"async\" class=\"wp-image-46373 aligncenter\" src=\"https:\/\/sola-poljane.splet.arnes.si\/files\/2025\/04\/Slika1.jpg\" alt=\"\" width=\"519\" height=\"363\" srcset=\"https:\/\/sola-poljane.splet.arnes.si\/files\/2025\/04\/Slika1.jpg 959w, https:\/\/sola-poljane.splet.arnes.si\/files\/2025\/04\/Slika1-300x210.jpg 300w, https:\/\/sola-poljane.splet.arnes.si\/files\/2025\/04\/Slika1-768x537.jpg 768w, https:\/\/sola-poljane.splet.arnes.si\/files\/2025\/04\/Slika1-79x55.jpg 79w, https:\/\/sola-poljane.splet.arnes.si\/files\/2025\/04\/Slika1-947x663.jpg 947w, https:\/\/sola-poljane.splet.arnes.si\/files\/2025\/04\/Slika1-624x437.jpg 624w\" sizes=\"auto, (max-width: 519px) 100vw, 519px\" \/><\/a><\/p>\n<p>&nbsp;<\/p>\n<p style=\"text-align: justify\">Vsako leto 24. aprila obele\u017eujemo slovenski dan ozave\u0161\u010danja o zavr\u017eeni hrani. Na ta dan se spomnimo, kako pomembno je, da hrane ne zavr\u017eemo po nepotrebnem. Zavr\u017eena hrana je tista, ki je ne pojemo in jo vr\u017eemo stran, \u010deprav bi jo lahko \u0161e uporabili.<\/p>\n<p style=\"text-align: justify\"><strong>Zakaj je ta dan pomemben?<\/strong><\/p>\n<ul style=\"text-align: justify\">\n<li><strong>Zaradi varovanje okolja<\/strong>: Ko zavr\u017eemo hrano, zapravljamo naravne vire, kot so voda, energija in zemlja, te pa so bili uporabljeni za njeno pridelavo. Zavr\u017eena hrana prispeva tudi k emisijam toplogrednih plinov, kar vpliva na podnebne spremembe.<\/li>\n<li><strong>Za pomo\u010d ljudem<\/strong>: Veliko ljudi po svetu nima dovolj hrane. \u010ce bi manj hrane zavrgli, bi lahko pomagali tistim, ki jo potrebujejo.<\/li>\n<li><strong>Prihranek denarja<\/strong>: \u010ce hrane ne zavr\u017eemo, prihranimo denar, ki bi ga sicer porabili za nakup nove hrane.<\/li>\n<\/ul>\n<p style=\"text-align: justify\"><strong>Kako lahko pomagamo?<\/strong><\/p>\n<ul style=\"text-align: justify\">\n<li><strong>Na\u010drtovanje obrokov<\/strong>: Preden gremo v trgovino, naredimo seznam potrebnih \u017eivil, da kupimo le tisto, kar res potrebujemo. Tako se izognemo impulzivnim nakupom in zmanj\u0161amo mo\u017enost, da bi hrana ostala neporabljena.<\/li>\n<li><strong>Ustrezno shranjevanje<\/strong>: Hrano pravilno shranjujemo, da ostane sve\u017ea dlje \u010dasa. Na primer, sadje in zelenjavo shranjujemo lo\u010deno, saj nekateri plodovi oddajajo pline (etilen), ki pospe\u0161uje zorenje drugih plodov.<\/li>\n<li><strong>Ustrezno ravnanje z odpadno hrano<\/strong>: Ostanke obrokov uporabimo za pripravo novih jedi, namesto da jih zavr\u017eemo. Na primer, iz ostankov zelenjave lahko pripravimo okusno juho ali enolon\u010dnico.<\/li>\n<li><strong>Deljenje hrane<\/strong>: \u010ce imamo ve\u010d hrane, kot jo potrebujemo, jo lahko delimo s prijatelji, dru\u017eino ali sosedi. Tako poskrbimo, da hrana ne bo zavr\u017eena, ampak bo koristila drugim.<\/li>\n<\/ul>\n<p style=\"text-align: justify\"><strong>Zanimiva dejstva o zavr\u017eeni hrani:<\/strong><\/p>\n<ul style=\"text-align: justify\">\n<li>Na svetu se zavr\u017ee pribli\u017eno 17 odstotkov proizvedene hrane.<\/li>\n<li>V Sloveniji najve\u010d odpadne hrane nastane v gospodinjstvih, kar 53 odstotkov.<\/li>\n<li>V Evropski uniji letno zavr\u017eemo ve\u010d kot 58 milijonov ton hrane&nbsp;<\/li>\n<li>V Sloveniji je leta 2021 vsak prebivalec zavrgel povpre\u010dno 68 kilogramov hrane, od tega je bilo 40 odstotkov \u0161e u\u017eitne&nbsp;hrane.<\/li>\n<\/ul>\n<p style=\"text-align: justify\"><strong>S sodelovanjem lahko vsi prispevamo k zmanj\u0161anju zavr\u017eene hrane in tako pomagamo varovati na\u0161 planet ter pomagati ljudem v stiski.<\/strong><\/p>\n<p>&nbsp;<\/p>\n<p><a href=\"https:\/\/sola-poljane.splet.arnes.si\/files\/2025\/04\/Slika2.jpg\"><img loading=\"lazy\" decoding=\"async\" class=\"wp-image-46374 aligncenter\" src=\"https:\/\/sola-poljane.splet.arnes.si\/files\/2025\/04\/Slika2.jpg\" alt=\"\" width=\"551\" height=\"386\" srcset=\"https:\/\/sola-poljane.splet.arnes.si\/files\/2025\/04\/Slika2.jpg 800w, https:\/\/sola-poljane.splet.arnes.si\/files\/2025\/04\/Slika2-300x210.jpg 300w, https:\/\/sola-poljane.splet.arnes.si\/files\/2025\/04\/Slika2-768x538.jpg 768w, https:\/\/sola-poljane.splet.arnes.si\/files\/2025\/04\/Slika2-79x55.jpg 79w, https:\/\/sola-poljane.splet.arnes.si\/files\/2025\/04\/Slika2-624x437.jpg 624w\" sizes=\"auto, (max-width: 551px) 100vw, 551px\" \/><\/a><\/p>\n<p>VIRI:<\/p>\n<p><em>24. april je slovenski dan brez zavr\u017eene hrane | GOV.SI<\/em>. (2023, april 24). Portal GOV.SI. https:\/\/www.gov.si\/novice\/2023-04-24-24-april-je-slovenski-dan-brez-zavrzene-hrane\/<\/p>\n<p>Edvina. (2023, april 21). <em>3. Dan brez zavr\u017eene hrane<\/em>. Prehrana. https:\/\/prehrana.si\/clanek\/691-3-dan-brez-zavrzene-hrane<\/p>\n<p>Hrana ni odpadek \u2013 24. aprila obele\u017eujemo slovenski dan brez zavr\u017eene hrane. (b. d.). <em>Na\u0161a super hrana<\/em>. Pridobljeno 23. april 2025, s https:\/\/www.nasasuperhrana.si\/clanek\/hrana-ni-odpadek-24-aprila-obelezujemo-slovenski-dan-brez-zavrzene-hrane\/<\/p>\n<p>&nbsp;<\/p>\n<hr>\n<p style=\"text-align: justify\">Ob svetovnem dnevu zdravja, ki letos poteka pod geslom&nbsp;<span style=\"color: #008000\"><strong><em>Zdravi za\u010detki, svetla prihodnost<\/em><\/strong><\/span>, opozarjamo na pomembnost skrbi za zdravje mater in dojen\u010dkov, saj je to temelj zdravih dru\u017ein in skupnosti, kar vsem nam pomaga zagotoviti obetavno prihodnost.<\/p>\n<p><img loading=\"lazy\" decoding=\"async\" class=\"alignnone size-full wp-image-45534\" src=\"https:\/\/sola-poljane.splet.arnes.si\/files\/2025\/04\/Prikazna.jpg\" alt=\"\" width=\"1011\" height=\"724\" srcset=\"https:\/\/sola-poljane.splet.arnes.si\/files\/2025\/04\/Prikazna.jpg 1011w, https:\/\/sola-poljane.splet.arnes.si\/files\/2025\/04\/Prikazna-300x215.jpg 300w, https:\/\/sola-poljane.splet.arnes.si\/files\/2025\/04\/Prikazna-768x550.jpg 768w, https:\/\/sola-poljane.splet.arnes.si\/files\/2025\/04\/Prikazna-77x55.jpg 77w, https:\/\/sola-poljane.splet.arnes.si\/files\/2025\/04\/Prikazna-947x678.jpg 947w, https:\/\/sola-poljane.splet.arnes.si\/files\/2025\/04\/Prikazna-624x447.jpg 624w\" sizes=\"auto, (max-width: 1011px) 100vw, 1011px\" \/><\/p>\n<p style=\"text-align: justify\">Zdravje novorojen\u010dkov in njihovih mater je eden najpomembnej\u0161ih kazalnikov splo\u0161nega zdravstvenega stanja in blaginje prebivalstva. Na zdrav za\u010detek vplivajo \u0161tevilni dejavniki: varna nose\u010dnost in porod, telesno in du\u0161evno zdravje, dobro po\u010dutje \u017eensk pred in med porodom ter po njem in nenalezljive bolezni. Stopnja umrljivosti dojen\u010dkov v Sloveniji je med najni\u017ejimi v Evropi, stopnja maternalne umrljivosti pri nas je primerljiva z razvitimi dr\u017eavami. Na\u0161a prihodnja prizadevanja pa se bodo osredoto\u010dala na re\u0161evanje izzivov obporodnih du\u0161evnih stisk in ustvarjanje podpore za izbolj\u0161anje \u017eivljenj mater in njihovih otrok.<\/p>\n<p>Povzeto po:<br \/>\n<a href=\"https:\/\/nijz.si\/mediji\/zdravi-zacetki-svetla-prihodnost\/\">https:\/\/nijz.si\/mediji\/zdravi-zacetki-svetla-prihodnost\/<\/a>, 6. 4. 2025<\/p>\n<p>&nbsp;<\/p>\n<p><em><strong>Irena Tehovnik<\/strong><\/em><\/p>\n<p>&nbsp;<\/p>\n<hr>\n<p style=\"text-align: justify\">Svetovni dan spanja letos poteka pod geslom <span style=\"color: #3366ff\"><strong>\u2033Dajmo prednost zdravemu spanju\u2033<\/strong><\/span>.<\/p>\n<p style=\"text-align: justify\"><span style=\"color: #3366ff\">Urejeno spanje<\/span> obsega glede na starost in potrebe posameznika primerno dol\u017eino (pri zdravi odrasli osebi najpogosteje 7\u20139 ur na no\u010d), kakovost spanja, primerno \u010dasovno ume\u0161\u010denost in reden urnik spanja. Otroci in mladostniki potrebujejo ve\u010d spanja, odvisno od njihove starosti in ostalih okoli\u0161\u010din. Tako spanje generira dovolj energije za vse dnevne dejavnosti in omogo\u010da budnost \u010dez cel dan.<\/p>\n<p style=\"text-align: justify\"><span style=\"color: #3366ff\">Spanje je pomemben steber uravnavanja telesnega in du\u0161evnega zdravja v vseh \u017eivljenjskih obdobjih.<\/span> Dobro spanje je vir dobrega po\u010dutja in temelj zdravega na\u010dina \u017eivljenja ter varnosti pri delu in v prometu. Raziskave potrjujejo, da vpliva na budnost in energijsko bilanco, pozornost, uravnavanje vedenja, \u010dustvovanja in razpolo\u017eenja. Spanje pomembno vpliva na vi\u0161je mo\u017eganske funkcije, predvsem na kognitivno funkcioniranje, vklju\u010dno s sposobnostjo za u\u010denje novih vsebin skozi vse \u017eivljenje. Vpliva na pridobivanje in ohranjanje gibalnih sposobnosti ter znanj, besedi\u0161\u010da, pomnjenje ter sprejemanje logi\u010dnih odlo\u010ditev in dobrih izbir. Urejeno spanje je klju\u010dnega pomena za zagotavljanje kakovostnega \u017eivljenja, saj poleg zgoraj omenjenih prina\u0161a tudi \u0161tevilne druge koristi za zdravje: zmanj\u0161uje tveganje za sr\u010dno-\u017eilne bolezni, izbolj\u0161uje imunsko odpornost (kar je pomembno pri prepre\u010devanju oku\u017eb, rakastih obolenj in ostalih kroni\u010dnih nenalezljivih boleznih), vpliva na telesno pripravljenost, zmanj\u0161uje pogostost simptomov depresije in anksioznosti, zmanj\u0161uje tveganje za pojav demence ter izbolj\u0161a presnovo telesa (uravnava koli\u010dino inzulina in glukoze, tek in telesno te\u017eo). Vpliva tudi na ohranjanje bogatega mikrobioma \u010drevesja.<\/p>\n<p style=\"text-align: justify\">Ker se velik del populacije v vseh starostnih skupinah pogosto soo\u010da s pomanjkanjem zdravega spanja, je objavljen letak z vsebino <span style=\"color: #3366ff\">Te\u017eave s spanjem<\/span> \u2013 kdaj ukrepati, kjer lahko najdete \u0161e ve\u010d vsebin in dostopov.<\/p>\n<p>Povzeto po:<br \/>\n<a href=\"https:\/\/nijz.si\/zivljenjski-slog\/spanje\/svetovni-dan-spanja-2025-dajmo-prednost-zdravemu-spanju\/\">https:\/\/nijz.si\/zivljenjski-slog\/spanje\/svetovni-dan-spanja-2025-dajmo-prednost-zdravemu-spanju\/<\/a>, 14. 3. 2025<\/p>\n<p><a href=\"https:\/\/sola-poljane.splet.arnes.si\/files\/2025\/03\/Spanje_in_zdravje_plakat_A4_page-0001-1.jpg\"><img loading=\"lazy\" decoding=\"async\" class=\"wp-image-45117 aligncenter\" src=\"https:\/\/sola-poljane.splet.arnes.si\/files\/2025\/03\/Spanje_in_zdravje_plakat_A4_page-0001-1.jpg\" alt=\"\" width=\"643\" height=\"909\" srcset=\"https:\/\/sola-poljane.splet.arnes.si\/files\/2025\/03\/Spanje_in_zdravje_plakat_A4_page-0001-1.jpg 800w, https:\/\/sola-poljane.splet.arnes.si\/files\/2025\/03\/Spanje_in_zdravje_plakat_A4_page-0001-1-212x300.jpg 212w, https:\/\/sola-poljane.splet.arnes.si\/files\/2025\/03\/Spanje_in_zdravje_plakat_A4_page-0001-1-724x1024.jpg 724w, https:\/\/sola-poljane.splet.arnes.si\/files\/2025\/03\/Spanje_in_zdravje_plakat_A4_page-0001-1-768x1086.jpg 768w, https:\/\/sola-poljane.splet.arnes.si\/files\/2025\/03\/Spanje_in_zdravje_plakat_A4_page-0001-1-39x55.jpg 39w, https:\/\/sola-poljane.splet.arnes.si\/files\/2025\/03\/Spanje_in_zdravje_plakat_A4_page-0001-1-624x882.jpg 624w\" sizes=\"auto, (max-width: 643px) 100vw, 643px\" \/><\/a><\/p>\n<p>&nbsp;<\/p>\n<p><a href=\"https:\/\/sola-poljane.splet.arnes.si\/files\/2025\/03\/Spanje_in_zdravje_plakat_A4_page-0002.jpg\"><img loading=\"lazy\" decoding=\"async\" class=\"wp-image-45118 aligncenter\" src=\"https:\/\/sola-poljane.splet.arnes.si\/files\/2025\/03\/Spanje_in_zdravje_plakat_A4_page-0002.jpg\" alt=\"\" width=\"646\" height=\"913\" srcset=\"https:\/\/sola-poljane.splet.arnes.si\/files\/2025\/03\/Spanje_in_zdravje_plakat_A4_page-0002.jpg 800w, https:\/\/sola-poljane.splet.arnes.si\/files\/2025\/03\/Spanje_in_zdravje_plakat_A4_page-0002-212x300.jpg 212w, https:\/\/sola-poljane.splet.arnes.si\/files\/2025\/03\/Spanje_in_zdravje_plakat_A4_page-0002-724x1024.jpg 724w, https:\/\/sola-poljane.splet.arnes.si\/files\/2025\/03\/Spanje_in_zdravje_plakat_A4_page-0002-768x1086.jpg 768w, https:\/\/sola-poljane.splet.arnes.si\/files\/2025\/03\/Spanje_in_zdravje_plakat_A4_page-0002-39x55.jpg 39w, https:\/\/sola-poljane.splet.arnes.si\/files\/2025\/03\/Spanje_in_zdravje_plakat_A4_page-0002-624x882.jpg 624w\" sizes=\"auto, (max-width: 646px) 100vw, 646px\" \/><\/a>&nbsp;<\/p>\n<p>&nbsp;<\/p>\n<hr>\n<p><em><strong>Otroci v osnovnih \u0161olah in vrtcih so danes dan za\u010deli s tradicionalnim slovenskim zajtrkom. Projekt, ki letos prvi\u010d poteka v okviru Tedna slovenske hrane, v ospredje postavlja pomen lokalno pridelane hrane za dru\u017ebo kot celoto.&nbsp;<br \/>\n<\/strong><\/em>(<a href=\"https:\/\/www.gov.si\/novice\/2024-11-15-danes-so-po-solah-in-vrtcih-ze-14-obelezili-tradicionalni-slovenski-zajtrk\/\">Spletna stran Ministrstva za kmetijstvo, gozdarstvo in prehrano<\/a>, 15. 11. 2024)<\/p>\n<p>Tradicionalni slovenski zajtrk smo letos obele\u017eili \u017ee <span style=\"color: #008000\">\u0161tirinajsti\u010d<\/span>.<br \/>\nPetkovo dopoldne je bilo zelo razgibano. Prva \u0161olska ura je bila za vse u\u010denke in u\u010dence namenjena doma\u010demu zajtrku. U\u010denke in u\u010denci predmetne stopnje so dan nadaljevali <strong><span style=\"color: #008000\">z dejavnostmi projektov Zdrava \u0161ola in \u0160olska shema<\/span><\/strong>.<\/p>\n<p>Posamezni razredi so se izmenjavali na <strong><span style=\"color: #008000\">razli\u010dnih delavnicah oz. postajah<\/span><\/strong>, in sicer:<\/p>\n<ul>\n<li>ZDRAVJE SE ZA\u010cNE V NA\u0160IH USTIH (dr. Vilma \u0160ifrar Eniko)<\/li>\n<li>PRVA POMO\u010c (PGD Poljane)<\/li>\n<li>GIBALNE DEJAVNOSTI (u\u010ditelji \u0161porta)<\/li>\n<li>PRIPRAVA IZDELKA ZA \u0160OLSKO SHEMO (u\u010denci z u\u010ditelji)<\/li>\n<\/ul>\n<p>Otroci iz vrtca ter \u0161olarji so si na \u0161olskem hodniku ogledali <strong><span style=\"color: #008000\">dve zanimivi predstavitvi<\/span><\/strong>:<\/p>\n<ul>\n<li>razstavo starih lokalnih jedi, ki so jo pripravile \u010dlanice Dru\u0161tva pode\u017eelskih \u017eena Blego\u0161<\/li>\n<li>obisk \u010debelarja, gospoda \u0160tefana Ingli\u010da<\/li>\n<\/ul>\n<p style=\"text-align: justify\">Na delu so bili tokrat tudi <span style=\"color: #ff6600\"><strong>\u0161olske novinarke <\/strong>Lara, Manca, Nadja, Zala, Nina, Patricija in novinar Jakob<\/span>, ki so u\u010denkam, u\u010dencem ter izvajalcem dejavnosti zastavili nekaj vpra\u0161anj.<\/p>\n<p>Tehni\u0161ki dan je pripravila <span style=\"color: #ff6600\">u\u010diteljica Irena Tehovnik<\/span>, ki je novinarki pojasnila, kaj vse se je dogajalo.<\/p>\n<audio class=\"wp-audio-shortcode\" id=\"audio-48601-1\" preload=\"none\" style=\"width: 100%;\" controls=\"controls\"><source type=\"audio\/mpeg\" src=\"https:\/\/sola-poljane.splet.arnes.si\/files\/2024\/11\/12-uciteljica-Irena_organizacija-TD.mp3?_=1\" \/><a href=\"https:\/\/sola-poljane.splet.arnes.si\/files\/2024\/11\/12-uciteljica-Irena_organizacija-TD.mp3\">https:\/\/sola-poljane.splet.arnes.si\/files\/2024\/11\/12-uciteljica-Irena_organizacija-TD.mp3<\/a><\/audio>\n<p>&nbsp;<\/p>\n<p style=\"text-align: justify\">\u0160olo je ob tej prilo\u017enosti obiskal <span style=\"color: #008000\"><span style=\"color: #ff6600\">\u017eupan Ob\u010dine Gorenja vas &#8211; Poljane Milan \u010cade\u017e<\/span>. <\/span>Poslu\u0161ajte, kaj je povedal.<\/p>\n<p><a href=\"https:\/\/sola-poljane.splet.arnes.si\/files\/2024\/11\/Nina-zupan_202403.jpg\"><img loading=\"lazy\" decoding=\"async\" class=\"wp-image-42637 aligncenter\" src=\"https:\/\/sola-poljane.splet.arnes.si\/files\/2024\/11\/Nina-zupan_202403.jpg\" alt=\"\" width=\"246\" height=\"216\" srcset=\"https:\/\/sola-poljane.splet.arnes.si\/files\/2024\/11\/Nina-zupan_202403.jpg 683w, https:\/\/sola-poljane.splet.arnes.si\/files\/2024\/11\/Nina-zupan_202403-300x264.jpg 300w, https:\/\/sola-poljane.splet.arnes.si\/files\/2024\/11\/Nina-zupan_202403-63x55.jpg 63w, https:\/\/sola-poljane.splet.arnes.si\/files\/2024\/11\/Nina-zupan_202403-624x548.jpg 624w\" sizes=\"auto, (max-width: 246px) 100vw, 246px\" \/><\/a><\/p>\n<audio class=\"wp-audio-shortcode\" id=\"audio-48601-2\" preload=\"none\" style=\"width: 100%;\" controls=\"controls\"><source type=\"audio\/mpeg\" src=\"https:\/\/sola-poljane.splet.arnes.si\/files\/2024\/11\/13-zupan.mp3?_=2\" \/><a href=\"https:\/\/sola-poljane.splet.arnes.si\/files\/2024\/11\/13-zupan.mp3\">https:\/\/sola-poljane.splet.arnes.si\/files\/2024\/11\/13-zupan.mp3<\/a><\/audio>\n<h3 style=\"text-align: center\"><strong><span style=\"color: #3366ff\">*********<\/span><\/strong><\/h3>\n<p>&nbsp;<\/p>\n<h4><span style=\"color: #993300\"><strong>V nadaljevanju vabljeni k ogledu galerij in izjav udele\u017eencev tehni\u0161kega dneva.<\/strong><\/span><\/h4>\n<p>&nbsp;<\/p>\n<p style=\"text-align: center\"><span style=\"color: #ff6600\"><strong>TRADICIONALNI SLOVENSKI ZAJTRK<\/strong><\/span><\/p>\n<p>&nbsp;<\/p>\n<p style=\"text-align: center\"><strong>Pesem \u010cebelar se je \u017ee pred zajtrkom razlegala po vsej \u0161oli.<\/strong><\/p>\n<p>&nbsp;<\/p>\nngg_shortcode_0_placeholder\n<p>ngg_shortcode_1_placeholder<audio class=\"wp-audio-shortcode\" id=\"audio-48601-3\" preload=\"none\" style=\"width: 100%;\" controls=\"controls\"><source type=\"audio\/mpeg\" src=\"https:\/\/sola-poljane.splet.arnes.si\/files\/2024\/11\/1-1r-a.mp3?_=3\" \/><a href=\"https:\/\/sola-poljane.splet.arnes.si\/files\/2024\/11\/1-1r-a.mp3\">https:\/\/sola-poljane.splet.arnes.si\/files\/2024\/11\/1-1r-a.mp3<\/a><\/audio><\/p>\n<audio class=\"wp-audio-shortcode\" id=\"audio-48601-4\" preload=\"none\" style=\"width: 100%;\" controls=\"controls\"><source type=\"audio\/mpeg\" src=\"https:\/\/sola-poljane.splet.arnes.si\/files\/2024\/11\/2-1r-b.mp3?_=4\" \/><a href=\"https:\/\/sola-poljane.splet.arnes.si\/files\/2024\/11\/2-1r-b.mp3\">https:\/\/sola-poljane.splet.arnes.si\/files\/2024\/11\/2-1r-b.mp3<\/a><\/audio>\n<audio class=\"wp-audio-shortcode\" id=\"audio-48601-5\" preload=\"none\" style=\"width: 100%;\" controls=\"controls\"><source type=\"audio\/mpeg\" src=\"https:\/\/sola-poljane.splet.arnes.si\/files\/2024\/11\/3-2r-zajtrk.mp3?_=5\" \/><a href=\"https:\/\/sola-poljane.splet.arnes.si\/files\/2024\/11\/3-2r-zajtrk.mp3\">https:\/\/sola-poljane.splet.arnes.si\/files\/2024\/11\/3-2r-zajtrk.mp3<\/a><\/audio>\n<audio class=\"wp-audio-shortcode\" id=\"audio-48601-6\" preload=\"none\" style=\"width: 100%;\" controls=\"controls\"><source type=\"audio\/mpeg\" src=\"https:\/\/sola-poljane.splet.arnes.si\/files\/2024\/11\/8-ucenec-Nik_zajtrk.mp3?_=6\" \/><a href=\"https:\/\/sola-poljane.splet.arnes.si\/files\/2024\/11\/8-ucenec-Nik_zajtrk.mp3\">https:\/\/sola-poljane.splet.arnes.si\/files\/2024\/11\/8-ucenec-Nik_zajtrk.mp3<\/a><\/audio>\n<audio class=\"wp-audio-shortcode\" id=\"audio-48601-7\" preload=\"none\" style=\"width: 100%;\" controls=\"controls\"><source type=\"audio\/mpeg\" src=\"https:\/\/sola-poljane.splet.arnes.si\/files\/2024\/11\/10-ucenka-Izabela_zavrzena-hrana.mp3?_=7\" \/><a href=\"https:\/\/sola-poljane.splet.arnes.si\/files\/2024\/11\/10-ucenka-Izabela_zavrzena-hrana.mp3\">https:\/\/sola-poljane.splet.arnes.si\/files\/2024\/11\/10-ucenka-Izabela_zavrzena-hrana.mp3<\/a><\/audio>\n<p>&nbsp;<\/p>\n<p>&nbsp;<\/p>\n<p style=\"text-align: center\"><span style=\"color: #ff6600\"><strong>RAZSTAVA STARIH LOKALNIH JEDI (Dru\u0161tvo pode\u017eelskih \u017eena Blego\u0161)<\/strong><\/span><\/p>\n<p>ngg_shortcode_2_placeholder<audio class=\"wp-audio-shortcode\" id=\"audio-48601-8\" preload=\"none\" style=\"width: 100%;\" controls=\"controls\"><source type=\"audio\/mpeg\" src=\"https:\/\/sola-poljane.splet.arnes.si\/files\/2024\/11\/5-ga-Cirila_Drustvo-podezelskih-zena.mp3?_=8\" \/><a href=\"https:\/\/sola-poljane.splet.arnes.si\/files\/2024\/11\/5-ga-Cirila_Drustvo-podezelskih-zena.mp3\">https:\/\/sola-poljane.splet.arnes.si\/files\/2024\/11\/5-ga-Cirila_Drustvo-podezelskih-zena.mp3<\/a><\/audio><\/p>\n<p>&nbsp;<\/p>\n<p>&nbsp;<\/p>\n<p style=\"text-align: center\"><span style=\"color: #ff6600\"><strong>\u010cEBELAR (gospod \u0160tefan Ingli\u010d)<\/strong><\/span><\/p>\n<p>ngg_shortcode_3_placeholder<audio class=\"wp-audio-shortcode\" id=\"audio-48601-9\" preload=\"none\" style=\"width: 100%;\" controls=\"controls\"><source type=\"audio\/mpeg\" src=\"https:\/\/sola-poljane.splet.arnes.si\/files\/2024\/11\/6-g-Stefan_cebelar.mp3?_=9\" \/><a href=\"https:\/\/sola-poljane.splet.arnes.si\/files\/2024\/11\/6-g-Stefan_cebelar.mp3\">https:\/\/sola-poljane.splet.arnes.si\/files\/2024\/11\/6-g-Stefan_cebelar.mp3<\/a><\/audio><\/p>\n<p>&nbsp;<\/p>\n<p>&nbsp;<\/p>\n<p style=\"text-align: center\"><span style=\"color: #ff6600\"><strong>ZDRAVJE SE ZA\u010cNE V NA\u0160IH USTIH (dr. Vilma \u0160ifrar Eniko)<\/strong><\/span><\/p>\nngg_shortcode_4_placeholder\n<p>&nbsp;<\/p>\n<p style=\"text-align: center\"><span style=\"color: #ff6600\"><strong>PRVA POMO\u010c (PGD Poljane)<\/strong><\/span><\/p>\n<p>ngg_shortcode_5_placeholder<audio class=\"wp-audio-shortcode\" id=\"audio-48601-10\" preload=\"none\" style=\"width: 100%;\" controls=\"controls\"><source type=\"audio\/mpeg\" src=\"https:\/\/sola-poljane.splet.arnes.si\/files\/2024\/11\/7-Nina-Strel_PGD-Poljane_prva-pomoc-odrezi.mp3?_=10\" \/><a href=\"https:\/\/sola-poljane.splet.arnes.si\/files\/2024\/11\/7-Nina-Strel_PGD-Poljane_prva-pomoc-odrezi.mp3\">https:\/\/sola-poljane.splet.arnes.si\/files\/2024\/11\/7-Nina-Strel_PGD-Poljane_prva-pomoc-odrezi.mp3<\/a><\/audio><\/p>\n<audio class=\"wp-audio-shortcode\" id=\"audio-48601-11\" preload=\"none\" style=\"width: 100%;\" controls=\"controls\"><source type=\"audio\/mpeg\" src=\"https:\/\/sola-poljane.splet.arnes.si\/files\/2024\/11\/4-6r-ucenka-prva-pomoc.mp3?_=11\" \/><a href=\"https:\/\/sola-poljane.splet.arnes.si\/files\/2024\/11\/4-6r-ucenka-prva-pomoc.mp3\">https:\/\/sola-poljane.splet.arnes.si\/files\/2024\/11\/4-6r-ucenka-prva-pomoc.mp3<\/a><\/audio>\n<p>&nbsp;<\/p>\n<p>&nbsp;<\/p>\n<p style=\"text-align: center\"><span style=\"color: #ff6600\"><strong>GIBALNE DEJAVNOSTI (u\u010ditelji \u0161porta)<\/strong><\/span><\/p>\n<p>ngg_shortcode_6_placeholder<audio class=\"wp-audio-shortcode\" id=\"audio-48601-12\" preload=\"none\" style=\"width: 100%;\" controls=\"controls\"><source type=\"audio\/mpeg\" src=\"https:\/\/sola-poljane.splet.arnes.si\/files\/2024\/11\/9-ucenka_odbojka.mp3?_=12\" \/><a href=\"https:\/\/sola-poljane.splet.arnes.si\/files\/2024\/11\/9-ucenka_odbojka.mp3\">https:\/\/sola-poljane.splet.arnes.si\/files\/2024\/11\/9-ucenka_odbojka.mp3<\/a><\/audio><\/p>\n<audio class=\"wp-audio-shortcode\" id=\"audio-48601-13\" preload=\"none\" style=\"width: 100%;\" controls=\"controls\"><source type=\"audio\/mpeg\" src=\"https:\/\/sola-poljane.splet.arnes.si\/files\/2024\/11\/11-ucitelj-Ales_gibanje.mp3?_=13\" \/><a href=\"https:\/\/sola-poljane.splet.arnes.si\/files\/2024\/11\/11-ucitelj-Ales_gibanje.mp3\">https:\/\/sola-poljane.splet.arnes.si\/files\/2024\/11\/11-ucitelj-Ales_gibanje.mp3<\/a><\/audio>\n<p>&nbsp;<\/p>\n<p>&nbsp;<\/p>\n<p style=\"text-align: center\"><span style=\"color: #ff6600\"><strong>PRIPRAVA IZDELKA ZA \u0160OLSKO SHEMO (u\u010denci z u\u010ditelji)<\/strong><\/span><\/p>\nngg_shortcode_7_placeholder\n<hr>\n<p style=\"text-align: justify\">Generalna skup\u0161\u010dina Zdru\u017eenih narodov je 29. september razglasila za mednarodni dan ozave\u0161\u010danja o izgubah hrane in odpadni hrani. Obele\u017eevanje tega dne je pomembno za ozave\u0161\u010danje o razse\u017enosti te\u017eave in morebitnih re\u0161itvah na vseh ravneh.<\/p>\n<p style=\"text-align: justify\">V Evropski uniji letno zavr\u017eemo ve\u010d kot 58 milijonov ton hrane, kar predstavlja enega najve\u010djih izzivov. Slovenija sicer izstopa kot dr\u017eava z najni\u017ejo koli\u010dino zavr\u017eene hrane na prebivalca \u2013 pribli\u017eno 68 kg na osebo \u2013 vendar pa kljub temu najve\u010dji dele\u017e te hrane, kar 52,61 %, nastane v gospodinjstvih. V Evropski uniji je ve\u010d kot 37 milijonov ljudi, ki si vsak drugi dan ne morejo privo\u0161\u010diti kakovostnega obroka. Statisti\u010dni podatki Eurostata ka\u017eejo, da poleg gospodinjstev k zavr\u017eeni hrani prispevajo tudi gostinske storitve (27,87 %), distribucija (10,1 %) in proizvodnja (9,37 %), medtem ko je v primarni produkciji, kot je kmetijstvo, dele\u017e zavr\u017eene hrane minimalen (0,05 %).<\/p>\n<p style=\"text-align: justify\">Zmanj\u0161anje koli\u010dine zavr\u017eene hrane lahko dose\u017eemo z enostavnimi ukrepi, kot je ustvarjalna uporaba ostankov obrokov, na\u010drtovanje obrokov vnaprej, nakupovanje zgolj potrebnih \u017eivil ter ustrezno shranjevanje hrane za ohranitev sve\u017eine. S tem ne le zmanj\u0161amo odpadke, ampak tudi prihranimo denar in prispevamo k trajnostnemu ravnanju s hrano.<\/p>\n<p><a href=\"https:\/\/sola-poljane.splet.arnes.si\/files\/2024\/09\/fw_int-day_2023_2-goals_sl-1200x675-1.png\"><img loading=\"lazy\" decoding=\"async\" class=\"wp-image-41487 aligncenter\" src=\"https:\/\/sola-poljane.splet.arnes.si\/files\/2024\/09\/fw_int-day_2023_2-goals_sl-1200x675-1.png\" alt=\"\" width=\"534\" height=\"301\" srcset=\"https:\/\/sola-poljane.splet.arnes.si\/files\/2024\/09\/fw_int-day_2023_2-goals_sl-1200x675-1.png 1200w, https:\/\/sola-poljane.splet.arnes.si\/files\/2024\/09\/fw_int-day_2023_2-goals_sl-1200x675-1-300x169.png 300w, https:\/\/sola-poljane.splet.arnes.si\/files\/2024\/09\/fw_int-day_2023_2-goals_sl-1200x675-1-1024x576.png 1024w, https:\/\/sola-poljane.splet.arnes.si\/files\/2024\/09\/fw_int-day_2023_2-goals_sl-1200x675-1-768x432.png 768w, https:\/\/sola-poljane.splet.arnes.si\/files\/2024\/09\/fw_int-day_2023_2-goals_sl-1200x675-1-98x55.png 98w, https:\/\/sola-poljane.splet.arnes.si\/files\/2024\/09\/fw_int-day_2023_2-goals_sl-1200x675-1-947x533.png 947w, https:\/\/sola-poljane.splet.arnes.si\/files\/2024\/09\/fw_int-day_2023_2-goals_sl-1200x675-1-624x351.png 624w\" sizes=\"auto, (max-width: 534px) 100vw, 534px\" \/><\/a><\/p>\n<p style=\"text-align: justify\">Ministrstvo za kmetijstvo, gozdarstvo in prehrano je letos aktivnosti ob mednarodnem dnevu podkrepilo z video zgodbo o letnem bojnem na\u010drtu slovenske dru\u017eine za zmanj\u0161evanje odpadne hrane. Video zgodbo Spo\u0161tuj hrano, spo\u0161tuj planet &#8211; zavrzi manj si lahko ogledate na spodnji povezavi:<\/p>\n<p style=\"text-align: justify\"><a href=\"https:\/\/www.youtube.com\/watch?v=CD76lMny_vM\">https:\/\/www.youtube.com\/watch?v=CD76lMny_vM<\/a><\/p>\n<p style=\"text-align: justify\">&nbsp;V okviru organizirane \u0161olske prehrane dajemo posebno pozornost odgovornemu odnosu do hrane.<\/p>\n<p style=\"text-align: justify\">\u0160ola ima pomembno vzgojno in izobra\u017eevalno vlogo pri razvijanju zavesti o zdravi prehrani, zdravih prehranjevalnih navadah, kulturi prehranjevanja in razvijanju odgovornega odnosa do hrane ter zmanj\u0161anju koli\u010din odpadne hrane.<\/p>\n<p style=\"text-align: justify\">Posvetimo nekaj trenutkov tej temi tudi doma in se z otroki pogovarjajmo o odgovornem odnosu do hrane. Pomembno je, da odrasli s svojimi besedami in zgledom, spodbudimo otroke k spremembam.<\/p>\n<p style=\"text-align: justify\">&nbsp;<\/p>\n<p style=\"text-align: justify\"><strong><em>Irena Tehovnik<\/em><\/strong><\/p>\n<p style=\"text-align: justify\">&nbsp;<\/p>\n<p>Povzeto po:<\/p>\n<ul>\n<li><a href=\"https:\/\/nijz.si\/zivljenjski-slog\/prehrana\/mednarodni-dan-ozavescanja-o-izgubah-hrane-in-odpadni-hrani\/\">https:\/\/nijz.si\/zivljenjski-slog\/prehrana\/mednarodni-dan-ozavescanja-o-izgubah-hrane-in-odpadni-hrani\/<\/a>, 29. 9. 2024<\/li>\n<li><a href=\"https:\/\/www.rtvslo.si\/slovenija\/zavrzene-hrane-vsako-leto-manj-a-kljub-temu-veliko-prevec\/722512\">https:\/\/www.rtvslo.si\/slovenija\/zavrzene-hrane-vsako-leto-manj-a-kljub-temu-veliko-prevec\/722512<\/a>, 29. 9. 2024<\/li>\n<li><a href=\"https:\/\/www.youtube.com\/watch?v=CD76lMny_vM\">https:\/\/www.youtube.com\/watch?v=CD76lMny_vM<\/a>, 29. 9. 2024<\/li>\n<\/ul>\n","protected":false},"excerpt":{"rendered":"<p>Danes je \u017ee vsaka tretja \u017elica hrane odvisna od opra\u0161evanja,&nbsp;\u010debelji [&hellip;]<\/p>\n","protected":false},"author":4023,"featured_media":0,"parent":10175,"menu_order":6,"comment_status":"closed","ping_status":"closed","template":"","meta":{"ngg_post_thumbnail":0,"footnotes":""},"class_list":["post-48601","page","type-page","status-publish","hentry"],"_links":{"self":[{"href":"https:\/\/sola-poljane.splet.arnes.si\/index.php?rest_route=\/wp\/v2\/pages\/48601","targetHints":{"allow":["GET"]}}],"collection":[{"href":"https:\/\/sola-poljane.splet.arnes.si\/index.php?rest_route=\/wp\/v2\/pages"}],"about":[{"href":"https:\/\/sola-poljane.splet.arnes.si\/index.php?rest_route=\/wp\/v2\/types\/page"}],"author":[{"embeddable":true,"href":"https:\/\/sola-poljane.splet.arnes.si\/index.php?rest_route=\/wp\/v2\/users\/4023"}],"replies":[{"embeddable":true,"href":"https:\/\/sola-poljane.splet.arnes.si\/index.php?rest_route=%2Fwp%2Fv2%2Fcomments&post=48601"}],"version-history":[{"count":4,"href":"https:\/\/sola-poljane.splet.arnes.si\/index.php?rest_route=\/wp\/v2\/pages\/48601\/revisions"}],"predecessor-version":[{"id":48606,"href":"https:\/\/sola-poljane.splet.arnes.si\/index.php?rest_route=\/wp\/v2\/pages\/48601\/revisions\/48606"}],"up":[{"embeddable":true,"href":"https:\/\/sola-poljane.splet.arnes.si\/index.php?rest_route=\/wp\/v2\/pages\/10175"}],"wp:attachment":[{"href":"https:\/\/sola-poljane.splet.arnes.si\/index.php?rest_route=%2Fwp%2Fv2%2Fmedia&parent=48601"}],"curies":[{"name":"wp","href":"https:\/\/api.w.org\/{rel}","templated":true}]}}