{"id":13003,"date":"2019-02-20T06:53:10","date_gmt":"2019-02-20T05:53:10","guid":{"rendered":"http:\/\/sola-poljane.splet.arnes.si\/?page_id=13003"},"modified":"2019-02-21T08:59:36","modified_gmt":"2019-02-21T07:59:36","slug":"poljane","status":"publish","type":"page","link":"https:\/\/sola-poljane.splet.arnes.si\/?page_id=13003","title":{"rendered":"Poljane"},"content":{"rendered":"<a href=\"http:\/\/sola-poljane.splet.arnes.si\/?page_id=12999\"class=\"wpz-sc-button small\" style=\";background:#378DBD\"><span><i class=\"fa fa-home\" style=\"padding-right:6px;\"><\/i>Poslanstvo in vizija \u0161ole<\/span><\/a>\n<a href=\"http:\/\/sola-poljane.splet.arnes.si\/?page_id=13003\"class=\"wpz-sc-button small\" style=\";background:#378DBD\"><span><i class=\"fa fa-home\" style=\"padding-right:6px;\"><\/i>Poljane<\/span><\/a>\n<a href=\"http:\/\/sola-poljane.splet.arnes.si\/?page_id=13007\"class=\"wpz-sc-button small\" style=\";background:#378DBD\"><span><i class=\"fa fa-home\" style=\"padding-right:6px;\"><\/i>Iz \u0161olskih kronik 1879-2018<\/span><\/a>\n<a href=\"http:\/\/sola-poljane.splet.arnes.si\/?page_id=13123\"class=\"wpz-sc-button small\" style=\";background:#378DBD\"><span><i class=\"fa fa-home\" style=\"padding-right:6px;\"><\/i>Pomembni dogodki v O\u0160 Poljane<\/span><\/a>\n<a href=\"http:\/\/sola-poljane.splet.arnes.si\/?page_id=13011\"class=\"wpz-sc-button small\" style=\";background:#378DBD\"><span><i class=\"fa fa-home\" style=\"padding-right:6px;\"><\/i>Freske Iveta \u0160ubica v na\u0161i \u0161oli<\/span><\/a>\n<a href=\"http:\/\/sola-poljane.splet.arnes.si\/?page_id=13017\"class=\"wpz-sc-button small\" style=\";background:#378DBD\"><span><i class=\"fa fa-home\" style=\"padding-right:6px;\"><\/i>Znameniti Poljanci<\/span><\/a>\n<p>V osr\u010dju Poljanske doline, zajedene med Rovtami in \u0160kofjo Loko, ob izlivu Lo\u010divnice v Soro le\u017ei naselje Poljane. V listinah se omenja \u017ee leta 1160, po mnenju nekaterih raziskovalcev pa utegne biti \u0161e starej\u0161e. Po starem na\u010delu, da se ravninski svet namenja za kmetijsko rabo, za pozidavo pa strmine, se je jedro naselbine oblikovalo na dveh nasprotnih bregovih, to je na Taboru in na Gri\u010du ter ob njunem vzno\u017eju. Ime Tabor spominja na utrdbo, ki naj bi svoj \u010das stala na vrhu hriba in z globokimi kletmi \u0161e v 19. stoletju burila domi\u0161ljijo. Kamenje iz ru\u0161evin nekdanjega gradu so menda porabili na za\u010detku 18. stoletja za gradnjo veli\u010dastne baro\u010dne cerkve sredi vasi po na\u010drtih stavbenika Gregorja Ma\u010dka. Poljane so bile namre\u010d \u017ee od 13. stoletja dalje ne le geografsko in upravno, ampak tudi cerkveno sredi\u0161\u010de doline. Cerkev je bila med 2. svetovno vojno mo\u010dno po\u0161kodovana in po vojni poru\u0161ena.<\/p>\n<p style=\"text-align: center\"><a href=\"http:\/\/sola-poljane.splet.arnes.si\/files\/2019\/02\/Poljane-nad-\u0160kofjo-Loko_razglednica-s-Soro.jpg\"><img loading=\"lazy\" decoding=\"async\" class=\"alignnone size-thumbnail wp-image-13087\" src=\"http:\/\/sola-poljane.splet.arnes.si\/files\/2019\/02\/Poljane-nad-\u0160kofjo-Loko_razglednica-s-Soro-150x150.jpg\" alt=\"\" width=\"150\" height=\"150\" srcset=\"https:\/\/sola-poljane.splet.arnes.si\/files\/2019\/02\/Poljane-nad-\u0160kofjo-Loko_razglednica-s-Soro-150x150.jpg 150w, https:\/\/sola-poljane.splet.arnes.si\/files\/2019\/02\/Poljane-nad-\u0160kofjo-Loko_razglednica-s-Soro-100x100.jpg 100w\" sizes=\"auto, (max-width: 150px) 100vw, 150px\" \/><\/a>\u00a0 \u00a0 \u00a0 \u00a0 \u00a0 \u00a0 \u00a0 \u00a0 \u00a0 \u00a0 \u00a0 \u00a0 \u00a0 \u00a0 \u00a0 \u00a0 \u00a0 \u00a0 \u00a0\u00a0<a href=\"http:\/\/sola-poljane.splet.arnes.si\/files\/2019\/02\/Stare-Poljane_cerkev.jpg\"><img loading=\"lazy\" decoding=\"async\" class=\"alignnone size-thumbnail wp-image-13085\" src=\"http:\/\/sola-poljane.splet.arnes.si\/files\/2019\/02\/Stare-Poljane_cerkev-150x150.jpg\" alt=\"\" width=\"150\" height=\"150\" srcset=\"https:\/\/sola-poljane.splet.arnes.si\/files\/2019\/02\/Stare-Poljane_cerkev-150x150.jpg 150w, https:\/\/sola-poljane.splet.arnes.si\/files\/2019\/02\/Stare-Poljane_cerkev-100x100.jpg 100w\" sizes=\"auto, (max-width: 150px) 100vw, 150px\" \/><\/a><\/p>\n<p>Leta 1778 je kraj dobil prvo \u0161olo in s tem osnovni pogoj za izobra\u017eevanje najbolj nadarjenih otrok. Tako so Poljane v slovensko kulturno zakladnico prispevale nekaj odli\u010dnih imen, posebno na likovnem in literarnem podro\u010dju. Poljanam je sloves zagotovila rodbina \u0160ubic \u2013 od podobarja in rezbarja \u0160tefana do slikarjev Janeza in Jurija v 19. stoletju ter slikarja Iveta in njegove h\u010dere Maje \u0160ubic, ki nadaljuje tradicijo slikanja fresk na starih va\u0161kih znamenjih ter fasadah javnih in zasebnih poslopij.<\/p>\n<p>Vse od druge svetovne vojne so bile Poljane sredi\u0161\u010de osrednjega dela doline, ki so ji dale tudi ime. Res da je bila v preteklih stoletjih prevladujo\u010da gospodarska panoga kmetijstvo, a doma\u010dini so razvili tudi pestro ponudbo obrti \u2013 strojenje ko\u017e, usnjarstvo, kuhanje kleja, \u017eganjarstvo, peka peciva, zidarstvo, kova\u0161tvo, kr\u010dmarjenje pa tudi prekup\u010devanje. Zaradi \u010diste in tople Sore je za\u010del cveteti tudi turizem, ki je sicer v prej\u0161njem stoletju zaradi razvoja industrije za nekaj \u010dasa zastal, danes pa se je zaradi lepe narave, tematskih, pohodni\u0161kih in kolesarskih poti ter \u0161tevilnih turisti\u010dnih kmetij spet razmahnil.<\/p>\n<p>Danes v Poljanah \u017eivi okrog 400 prebivalcev. Kraj se je raz\u0161iril s pozidavo predela Tabora proti Dobju ter ob stari regionalni cesti, dobil novo osnovno \u0161olo in vrtec, medtem ko sta se ob stari \u0161oli razvili dve uspe\u0161ni podjetji: Polycom in Quick in\u017eeniring.<\/p>\n","protected":false},"excerpt":{"rendered":"<p>V osr\u010dju Poljanske doline, zajedene med Rovtami in \u0160kofjo Loko, [&hellip;]<\/p>\n","protected":false},"author":24405,"featured_media":0,"parent":12999,"menu_order":0,"comment_status":"closed","ping_status":"closed","template":"","meta":{"ngg_post_thumbnail":0,"footnotes":""},"class_list":["post-13003","page","type-page","status-publish","hentry"],"_links":{"self":[{"href":"https:\/\/sola-poljane.splet.arnes.si\/index.php?rest_route=\/wp\/v2\/pages\/13003","targetHints":{"allow":["GET"]}}],"collection":[{"href":"https:\/\/sola-poljane.splet.arnes.si\/index.php?rest_route=\/wp\/v2\/pages"}],"about":[{"href":"https:\/\/sola-poljane.splet.arnes.si\/index.php?rest_route=\/wp\/v2\/types\/page"}],"author":[{"embeddable":true,"href":"https:\/\/sola-poljane.splet.arnes.si\/index.php?rest_route=\/wp\/v2\/users\/24405"}],"replies":[{"embeddable":true,"href":"https:\/\/sola-poljane.splet.arnes.si\/index.php?rest_route=%2Fwp%2Fv2%2Fcomments&post=13003"}],"version-history":[{"count":3,"href":"https:\/\/sola-poljane.splet.arnes.si\/index.php?rest_route=\/wp\/v2\/pages\/13003\/revisions"}],"predecessor-version":[{"id":13137,"href":"https:\/\/sola-poljane.splet.arnes.si\/index.php?rest_route=\/wp\/v2\/pages\/13003\/revisions\/13137"}],"up":[{"embeddable":true,"href":"https:\/\/sola-poljane.splet.arnes.si\/index.php?rest_route=\/wp\/v2\/pages\/12999"}],"wp:attachment":[{"href":"https:\/\/sola-poljane.splet.arnes.si\/index.php?rest_route=%2Fwp%2Fv2%2Fmedia&parent=13003"}],"curies":[{"name":"wp","href":"https:\/\/api.w.org\/{rel}","templated":true}]}}