{"id":10175,"date":"2018-08-13T07:36:19","date_gmt":"2018-08-13T05:36:19","guid":{"rendered":"http:\/\/sola-poljane.splet.arnes.si\/?page_id=10175"},"modified":"2025-07-01T10:51:02","modified_gmt":"2025-07-01T08:51:02","slug":"slovenska-mreza-zdravih-sol","status":"publish","type":"page","link":"https:\/\/sola-poljane.splet.arnes.si\/?page_id=10175","title":{"rendered":"Slovenska mre\u017ea zdravih \u0161ol"},"content":{"rendered":"<p>Slovenska mre\u017ea zdravih \u0161ol je \u010dlanica Evropske mre\u017ee zdravih \u0161ol \u017ee od leta 1993.<\/p>\n<p>Zdrava \u0161ola je \u0161ola, ki zavestno, na\u010drtno in usmerjeno promovira zdravje.<\/p>\n<p><strong>Osnovna \u0161ola Poljane je bila v mre\u017eo sprejeta aprila 2016.<\/strong><\/p>\n<p>Z vstopom v Slovensko mre\u017eo zdravih \u0161ol smo se zavezali, da bomo spodbujali uresni\u010devanje naslednjih ciljev:<\/p>\n<ul>\n<li>aktivno bomo podpirali pozitivno samopodobo vseh u\u010dencev s tem, da bomo pokazali, da lahko prav vsak prispeva k \u017eivljenju v \u0161oli;<\/li>\n<li>skrbeli bomo za vsestranski razvoj dobrih medsebojnih odnosov med u\u010ditelji in u\u010denci;<\/li>\n<li>potrudili se bomo, da bodo socialni cilji \u0161ole postali jasni u\u010diteljem, u\u010dencem in star\u0161em;<\/li>\n<li>vse u\u010dence bomo spodbujali k razli\u010dnim dejavnostim tako, da bomo oblikovali raznovrstne pobude;<\/li>\n<li>izkoristili bomo vsako mo\u017enost za izbolj\u0161anje \u0161olskega okolja;<\/li>\n<li>skrbeli bomo za razvoj dobrih povezav med \u0161olo, domom in skupnostjo;<\/li>\n<li>aktivno bomo podprli zdravje in blaginjo svojih u\u010dencev in u\u010diteljev;<\/li>\n<li>upo\u0161tevali bomo dejstvo, da so u\u010ditelji in \u0161olsko osebje zgled za zdravo obna\u0161anje;<\/li>\n<li>upo\u0161tevali bomo komplementarno vlogo, ki jo ima \u0161olska prehrana pri u\u010dnem na\u010drtu vzgoje za zdravje;<\/li>\n<li>sodelovali bomo s specializiranimi slu\u017ebami v skupnosti, ki nam lahko svetujejo in pomagajo pri vzgoji za zdravje;<\/li>\n<li>vzpostavili bomo poglobljen odnos s \u0161olsko zdravstveno in zobozdravstveno slu\u017ebo, da nas bo dejavno podprla pri u\u010dnenm na\u010drtu vzgoje za zdravje.<\/li>\n<\/ul>\n<p>Na podro\u010dju zdravja na\u0161a \u0161ola \u017ee deluje na ve\u010d na\u010dinov z razli\u010dnimi aktivnostmi:<\/p>\n<p><strong>a) EKOLOGIJA:<\/strong><\/p>\n<p>vklju\u010deni smo v projekt EKO \u0160OLA, kjer sodelujemo na razli\u010dnih nate\u010dajih in akcijah:<\/p>\n<ul>\n<li>zbiralna akcija odpadnega papirja, zbiranje plasti\u010dnih zama\u0161kov, zbiranje PET plastenk, zbiranje odpadnega tekstila, zbiranje starih baterij, tonerjev, kartu\u0161, sijalk<\/li>\n<li>lo\u010devanje odpadkov na \u0161oli<\/li>\n<li>\u010distilna akcija okrog \u0161ole<\/li>\n<li>ogrevanje \u0161ole z energetsko obnovljimi viri energije<\/li>\n<li>zmanj\u0161ujemo koli\u010dino embala\u017ee<\/li>\n<li>imamo dobro pitno vodo<\/li>\n<li>Modra energija-obnovljivi viri sedanjosti in prihodnosti (40% elektri\u010dne energije)<\/li>\n<li>imamo Certifikat trajnostne objektne higiene<\/li>\n<li>&nbsp;<\/li>\n<\/ul>\n<p><strong>b) Vsako leto si prizadevamo pridobiti naziv PLANETU ZEMLJA PRIJAZNA \u0160OLA in se vklju\u010devati v njihove projekte.<\/strong><\/p>\n<p><strong>c) HUMANITARNE akcije:<\/strong><\/p>\n<ul>\n<li>izdelava izdelkov za dobrodelni sejem, kjer so sredstva namenjena \u0161olskemu skladu<\/li>\n<li>dobrodelna akcija igra\u010d, obla\u010dil in hrane za Rde\u010di kri\u017e<\/li>\n<li>aktualne dobrodelne akcije za nastale situacije (begunci, poplave,..)<\/li>\n<li>akcija Star mobi.si,..<\/li>\n<\/ul>\n<p><strong>d) MEDGENERACIJSKO sodelovanje:<\/strong><\/p>\n<ul>\n<li>SIMBIOZA (sodelujejo zaposleni in u\u010denci prostovoljci)<\/li>\n<li>obdaritev starej\u0161ih ob\u010danov v mesecu marcu<\/li>\n<li>v mesecu decembru vsako leto na \u0161oli izdelujemo vo\u0161\u010dilnice in jih po\u0161ljemo starej\u0161im ob\u010danom<\/li>\n<li>priprava kulturnih prireditev na katere so povabljeni star\u0161i in starej\u0161i ob\u010dani<\/li>\n<\/ul>\n<p><strong>e) PROSTOVOLJSTVO<\/strong>: pomo\u010d mlaj\u0161im u\u010dencem v OPB &#8211; igranje, delo doma\u010dih nalog,\u2026)<\/p>\n<p><strong>f) PROMETNA VZGOJA:<\/strong><\/p>\n<ul>\n<li>u\u010denci 5. razreda vsako leto opravljajo kolesarski izpit<\/li>\n<li>\u0161ola vsako leto pripravi ob\u010dinsko tekmovanje BICIKL za u\u010dence od 5. do 9. razreda<\/li>\n<li>na \u0161oli je izdelan prometno varnostni na\u010drt v sodelovanju z ob\u010dino in krajevno skupnostjo<\/li>\n<\/ul>\n<p style=\"padding-left: 30px\"><strong>g) DELAVNICE ZA KREPITEV DU\u0160EVNEGA ZDRAVJA:<\/strong><\/p>\n<p style=\"padding-left: 30px\">Sodelovanje z Rde\u010dim kri\u017eem in izvedba delavnic:<\/p>\n<p style=\"padding-left: 60px\">1.razred: Z malo dejanj veliko zdravja<br \/>\n2.razred: Kaj \u017eeli moj trebu\u0161\u010dek?<br \/>\n3.razred: Oprostite, vam lahko pomagam?<br \/>\n4.razred:Tajno dru\u0161tvo SPN sam pazi nase<br \/>\n5.razred: HUGO-v GRB<br \/>\n6.razred: Zrcalce, zrcalce<br \/>\n7.razred: Razli\u010dnost nas bogati<br \/>\n8.razred: Da bom zmogel re\u010di ne<\/p>\n<p style=\"padding-left: 30px\">Sodelovanje z NIJZ in izvedba delavnic oziroma predavanj:<\/p>\n<p style=\"padding-left: 60px\">1.razred: Zdrave navade<br \/>\n2.razred: Osebna higiena<br \/>\n3.razred: Zdrav na\u010din \u017eivljenja<br \/>\n4.razred: Prepre\u010devanje po\u0161kodb<br \/>\n5.razred: Zasvojenost<br \/>\n6.razred: Odra\u0161\u010danje<br \/>\n7.razred: Pozitivna samopodoba in stres<br \/>\n8.razred: Medosebni odnosi<br \/>\n9.razred: Vzgoja za zdravo spolnost<\/p>\n<p style=\"padding-left: 30px\">Sodelovanje z organizacijo SAFE.si: Varna raba interneta<\/p>\n<p style=\"padding-left: 60px\">1.razred: Ne bodi ov\u010dka na internetu<br \/>\n5.razred: Varna raba facebook-a<br \/>\n7.razred: Varna raba interneta<br \/>\n8.razred: Sem pametnej\u0161i od mobilnega telefona<\/p>\n<p><strong>h) ODDEL\u010cNE SKUPNOSTI:<\/strong><\/p>\n<ul>\n<li>\u0161olska svetovalna slu\u017eba in razredniki vodijo pogovore in delavnice o medosebnih odnosih, u\u010denju, internetu, mediaciji, skrbi za zdravje&#8230;<\/li>\n<li>za 9. razred je vsako leto organizirana delavnica o trgovini z ljudmi DRU\u0160TVA KLJU\u010c<\/li>\n<li>v okviru KARITAS-a smo se prijavili na nate\u010daj Bodi pozoren, bodi previden in brezpla\u010dne delavnice o trgovini z ljudmi od 7. do 9. razreda O\u0160<\/li>\n<\/ul>\n<p><strong>i) \u0160OLSKA SKUPNOST:<\/strong><\/p>\n<ul>\n<li>priprava in izvedba gibarij z vrtcem<\/li>\n<li>teden otroka \u2013 bralni zaklad<\/li>\n<li>obele\u017eitev svetovnih dnevov<\/li>\n<li>sodelovanje v otro\u0161kem parlamentu: pasti mladostni\u0161tva<\/li>\n<li>sodelovanje v akciji Nivea-modro srce<\/li>\n<\/ul>\n<p><strong>j) \u0160OLSKA PREHRANA:<\/strong><\/p>\n<ul>\n<li>vklju\u010deni smo v projekt Shema \u0161olskega sadja in zelenjave<\/li>\n<li>&#8220;Slovenski tradicionalni zajtrk&#8221;<\/li>\n<li>u\u010dence spodbujamo k sodelovanju na tekmovanjih: Zdrav dih za navdih in Sladkorna bolezen<\/li>\n<li>pogovori o zdravi prehrani in kulturnem zau\u017eitju hrane na oddel\u010dnih skupnostih<\/li>\n<li>izdelava uravnote\u017eenih jedilnikov, kjer sodelujejo tudi u\u010denci 9. razreda<\/li>\n<li>vklju\u010devanje \u017eivil lokalnih proizvajalcev na jedilnik in zmanj\u0161evanje koli\u010dine sladkorja in soli pri pripravi jedi<\/li>\n<\/ul>\n<p><strong>k) \u0160PORT:<\/strong><\/p>\n<ul>\n<li>Zlati son\u010dek za u\u010dence od 1. do 3. razreda<\/li>\n<li>\u0161portno-vzgojni karton od 1. do 9. razreda<\/li>\n<li>zimska in letna \u0161ola v naravi s poudarkom na gibanju<\/li>\n<li>\u0161portni dnevi po LDN-ju<\/li>\n<li>izvedba medob\u010dinskega atletskega \u0161portnega dne za u\u010dence 4. in 5. Razreda<\/li>\n<li>medpredmetno povezovanje v 9. razredu: sr\u010dni utrip in \u0161portna vadba<\/li>\n<li>zdravstveno-\u0161portna vzgoja<\/li>\n<li>dru\u0161tvene dejavnosti: nogomet, \u0161ah, rokomet, odbojka, \u0161portne igre, igre z \u017eogo, ko\u0161arka, namizni tenis, orientacijski tek<\/li>\n<li>planinski kro\u017eek za u\u010dence od 1. do 5. razred<\/li>\n<\/ul>\n<p><strong>l) ZDRAVJE:<\/strong><\/p>\n<ul>\n<li>skrb za zdrave zobe<\/li>\n<li>redni sistematski pregledi<\/li>\n<li>u\u010dence med poukom opozarjamo na pravilno telesno dr\u017eo<\/li>\n<li>zaposleni na \u0161oli smo imeli izobra\u017eevanje o evakuaciji in uporabi defibrilatorja<\/li>\n<li>\u0161ola organizira dru\u017eabna sre\u010danja, gledali\u0161ke predstave in pohode za zaposlene.<\/li>\n<\/ul>\n<h3 class=\"post-title entry-title\">Dogajanje v okviru projekta<\/h3>\n<p><a href=\"https:\/\/sola-poljane.splet.arnes.si\/?page_id=48601\">\u0160olsko leto 2024\/25<\/a><\/p>\n<p><a href=\"https:\/\/sola-poljane.splet.arnes.si\/?page_id=40799\">\u0160olsko leto 2023\/24<\/a><\/p>\n<p><a href=\"https:\/\/sola-poljane.splet.arnes.si\/?page_id=33017\">\u0160olsko leto 2022\/23<\/a><\/p>\n<p><a href=\"https:\/\/sola-poljane.splet.arnes.si\/?page_id=26147\">\u0160olsko leto 2021\/22<\/a><\/p>\n<p><a href=\"http:\/\/sola-poljane.splet.arnes.si\/?page_id=20261\">\u0160olsko leto 2020\/21<\/a><\/p>\n<p><a href=\"http:\/\/sola-poljane.splet.arnes.si\/?page_id=16035\">\u0160olsko leto 2019\/20<\/a><\/p>\n<p><a href=\"http:\/\/sola-poljane.splet.arnes.si\/?page_id=16029\">\u0160olsko leto 2018\/19<\/a><\/p>\n<p><strong>Arhiv<\/strong><\/p>\n\n<!-- iframe plugin v.5.2 wordpress.org\/plugins\/iframe\/ -->\n<iframe loading=\"lazy\" style=\"width: 100%; border: 0;\" src=\"https:\/\/drive.google.com\/a\/sola-poljane.si\/embeddedfolderview?id=1HGmDbGPVwSJgi4GZxiCyTeiI-C4-Wc1H#list\" width=\"300\" 0=\"height=&quot;2500&quot;&gt;\" height=\"500\" scrolling=\"yes\" class=\"iframe-class\" frameborder=\"0\" name=\"ARNES\"><\/iframe>\n\n","protected":false},"excerpt":{"rendered":"<p>Slovenska mre\u017ea zdravih \u0161ol je \u010dlanica Evropske mre\u017ee zdravih \u0161ol [&hellip;]<\/p>\n","protected":false},"author":1973,"featured_media":0,"parent":8596,"menu_order":6,"comment_status":"closed","ping_status":"closed","template":"","meta":{"ngg_post_thumbnail":0,"footnotes":""},"class_list":["post-10175","page","type-page","status-publish","hentry"],"_links":{"self":[{"href":"https:\/\/sola-poljane.splet.arnes.si\/index.php?rest_route=\/wp\/v2\/pages\/10175","targetHints":{"allow":["GET"]}}],"collection":[{"href":"https:\/\/sola-poljane.splet.arnes.si\/index.php?rest_route=\/wp\/v2\/pages"}],"about":[{"href":"https:\/\/sola-poljane.splet.arnes.si\/index.php?rest_route=\/wp\/v2\/types\/page"}],"author":[{"embeddable":true,"href":"https:\/\/sola-poljane.splet.arnes.si\/index.php?rest_route=\/wp\/v2\/users\/1973"}],"replies":[{"embeddable":true,"href":"https:\/\/sola-poljane.splet.arnes.si\/index.php?rest_route=%2Fwp%2Fv2%2Fcomments&post=10175"}],"version-history":[{"count":15,"href":"https:\/\/sola-poljane.splet.arnes.si\/index.php?rest_route=\/wp\/v2\/pages\/10175\/revisions"}],"predecessor-version":[{"id":48603,"href":"https:\/\/sola-poljane.splet.arnes.si\/index.php?rest_route=\/wp\/v2\/pages\/10175\/revisions\/48603"}],"up":[{"embeddable":true,"href":"https:\/\/sola-poljane.splet.arnes.si\/index.php?rest_route=\/wp\/v2\/pages\/8596"}],"wp:attachment":[{"href":"https:\/\/sola-poljane.splet.arnes.si\/index.php?rest_route=%2Fwp%2Fv2%2Fmedia&parent=10175"}],"curies":[{"name":"wp","href":"https:\/\/api.w.org\/{rel}","templated":true}]}}