{"id":10171,"date":"2018-08-13T07:35:15","date_gmt":"2018-08-13T05:35:15","guid":{"rendered":"http:\/\/sola-poljane.splet.arnes.si\/?page_id=10171"},"modified":"2023-06-29T12:32:01","modified_gmt":"2023-06-29T10:32:01","slug":"kul-sola","status":"publish","type":"page","link":"https:\/\/sola-poljane.splet.arnes.si\/?page_id=10171","title":{"rendered":"KUL \u0160OLA"},"content":{"rendered":"<p>Naziv KULTURNA \u0160OLA podeljuje Javni sklad Republike Slovenije za kulturne dejavnosti v sodelovanju z Zvezo kulturnih dru\u0161tev Slovenije osnovnim \u0161olam, ki imajo po obsegu in kvaliteti nadpovpre\u010dno razvito kulturno dejavnost ter delujejo kot \u017eari\u0161\u010de kulture v kraju.<\/p>\n<p>Osnovna \u0161ola Poljane si je skupaj s Podru\u017eni\u010dno \u0161olo Javorje prvi\u010d pridobila naziv Kulturna \u0161ola v juniju 2012 za dobo treh let.<\/p>\n<p>Po preteku dobe treh let je Osnovna \u0161ola Poljane s Podru\u017eni\u010dno \u0161olo Javorje ponovno kandidirala in skladno s posredovano dokumentacijo in razpisnimi pogoji, zadostila vsem kvantitativnim in kvalitativnim kriterijem, ki jih je preu\u010dila in ocenila 7-\u010dlanska strokovna komisija.<\/p>\n<p>Komisija je ocenjevala:<\/p>\n<ul>\n<li>kulturno delovanje na vsaj petih podro\u010djih v zadnjih treh letih<\/li>\n<li>razvejanost kulturnih podro\u010dij; (navedenih 15 delujo\u010dih kulturnih skupin, oziroma zasedb)<\/li>\n<li>\u0161tevilo vklju\u010denih u\u010dencev v redne in ob\u0161olske kulturne dejavnosti; (vklju\u010denih nad 50% u\u010dencev, velik dele\u017e pevskih zborov)<\/li>\n<li>udele\u017ebo in doseganje vidnih rezultatov na selekcioniranih revijah, sre\u010danjih, festivalih in tekmovanjih na lokalni, obmo\u010dni, regionalni, dr\u017eavni in mednarodni ravni; (popisanih 43 nastopov)<\/li>\n<li>obseg izvedenih kulturnih dogodkov za notranjo\/\u0161olsko in zunanjo javnost; (popisanih 50 pomembnej\u0161ih kulturnih dogodkov)<\/li>\n<li>na\u010din in obseg spodbujanja mentorskega dela za kulturna in umetni\u0161ka podro\u010dja (vpisanih 6 izobra\u017eevanj na\u0161ih u\u010diteljic in u\u010diteljev)<\/li>\n<li>obseg povezovanja med razli\u010dnimi podro\u010dnimi dejavnostmi ter med razli\u010dnimi \u0161olami oz. drugimi kulturnimi institucijami v skupne kulturne projekte.<\/li>\n<\/ul>\n<p><strong>O\u0160 Poljane je tako na podlagi ocenjevanja kriterijev dosegla ustrezno raven to\u010dk in si pridobila naziv \u201dKulturna \u0161ola\u201d do leta 2024.<\/strong><\/p>\n<p>Sode\u010d po \u0161tevilnih nagrajenih delih, ki jih mentorice po\u0161iljajo na nate\u010daje, po priznanjih, ki jih mentorji in u\u010denci prejemajo za raziskovalne in projektne naloge, in bu\u010dnih aplavzih, ki so jih dele\u017eni na\u0161i nastopajo\u010di u\u010denci, se bomo za ta naziv lahko potegovali tudi v prihodnje.<\/p>\n<p style=\"text-align: right\">Majda Bernik, koordinatorica na \u0161oli<\/p>\n","protected":false},"excerpt":{"rendered":"<p>Naziv KULTURNA \u0160OLA podeljuje Javni sklad Republike Slovenije za kulturne [&hellip;]<\/p>\n","protected":false},"author":1973,"featured_media":0,"parent":8596,"menu_order":5,"comment_status":"closed","ping_status":"closed","template":"","meta":{"ngg_post_thumbnail":0,"footnotes":""},"class_list":["post-10171","page","type-page","status-publish","hentry"],"_links":{"self":[{"href":"https:\/\/sola-poljane.splet.arnes.si\/index.php?rest_route=\/wp\/v2\/pages\/10171","targetHints":{"allow":["GET"]}}],"collection":[{"href":"https:\/\/sola-poljane.splet.arnes.si\/index.php?rest_route=\/wp\/v2\/pages"}],"about":[{"href":"https:\/\/sola-poljane.splet.arnes.si\/index.php?rest_route=\/wp\/v2\/types\/page"}],"author":[{"embeddable":true,"href":"https:\/\/sola-poljane.splet.arnes.si\/index.php?rest_route=\/wp\/v2\/users\/1973"}],"replies":[{"embeddable":true,"href":"https:\/\/sola-poljane.splet.arnes.si\/index.php?rest_route=%2Fwp%2Fv2%2Fcomments&post=10171"}],"version-history":[{"count":4,"href":"https:\/\/sola-poljane.splet.arnes.si\/index.php?rest_route=\/wp\/v2\/pages\/10171\/revisions"}],"predecessor-version":[{"id":33000,"href":"https:\/\/sola-poljane.splet.arnes.si\/index.php?rest_route=\/wp\/v2\/pages\/10171\/revisions\/33000"}],"up":[{"embeddable":true,"href":"https:\/\/sola-poljane.splet.arnes.si\/index.php?rest_route=\/wp\/v2\/pages\/8596"}],"wp:attachment":[{"href":"https:\/\/sola-poljane.splet.arnes.si\/index.php?rest_route=%2Fwp%2Fv2%2Fmedia&parent=10171"}],"curies":[{"name":"wp","href":"https:\/\/api.w.org\/{rel}","templated":true}]}}